{"id":546,"date":"2022-01-03T08:46:10","date_gmt":"2022-01-03T10:46:10","guid":{"rendered":"http:\/\/adle.kaunokolegija.lt\/en\/?page_id=546"},"modified":"2022-01-03T08:53:07","modified_gmt":"2022-01-03T10:53:07","slug":"2021-conference-programme-and-abstracts","status":"publish","type":"page","link":"https:\/\/adle.kaunokolegija.lt\/en\/2021-conference-programme-and-abstracts\/","title":{"rendered":"2021 Conference Programme and Abstracts"},"content":{"rendered":"<h3 class=\"has-text-align-center\" style=\"text-align: center;\"><span style=\"color: #008080;\"><strong>Online International Scientific-Practical Conference<\/strong><\/span><\/h3>\n<h3 class=\"has-text-align-center\" style=\"text-align: center;\"><em><span style=\"color: #008080;\"><strong>ART, DESIGN, LANGUAGES AND EDUCATION: INNOVATIONS IN THEORY AND PRACTICE<\/strong><\/span><\/em><\/h3>\n<h2 class=\"has-text-align-center\" style=\"text-align: center;\"><span style=\"color: #008080;\"><strong>PROGRAMME<\/strong><\/span><\/h2>\n<h3 class=\"has-text-align-center\" style=\"text-align: center;\"><span style=\"color: #008080;\">\u00a09 December 2021<\/span><\/h3>\n<h4 style=\"text-align: center;\"><strong><span style=\"color: #008080;\">9.20-9.30<\/span> || Log in link <span style=\"color: #ff0000;\">(ZOOM)<\/span><\/strong><\/h4>\n<h4 style=\"text-align: center;\"><strong><span style=\"color: #008080;\">9.30-9.35<\/span> || Conference Opening and Welcome Speech<\/strong><\/h4>\n<h4 style=\"text-align: center;\"><strong><span style=\"color: #008080;\">9.35-11.35<\/span> || Plenary Session\u00a0<\/strong><\/h4>\n<h4 style=\"text-align: center;\"><strong><span style=\"color: #008080;\">11.35-12.30<\/span>\u00a0|| Lunch Break<\/strong><\/h4>\n<h4 style=\"text-align: center;\"><strong><span style=\"color: #008080;\">12.30-15.30<\/span>\u00a0|| Panel Discussions<\/strong><\/h4>\n<p style=\"text-align: center;\">\n<hr \/>\n<h3 class=\"has-text-align-center\" style=\"text-align: center;\"><span style=\"color: #008080;\"><strong>PLENARY SESSION<\/strong><\/span><\/h3>\n\t\t\t\t\t\t<style>\r\n\t\t\t\t<style>\r\n#wpsm_accordion_441 .wpsm_panel-heading{\r\n\tpadding:0px !important;\r\n}\r\n#wpsm_accordion_441 .wpsm_panel-title {\r\n\tmargin:0px !important; \r\n\ttext-transform:none !important;\r\n\tline-height: 1 !important;\r\n}\r\n#wpsm_accordion_441 .wpsm_panel-title a{\r\n\ttext-decoration:none;\r\n\toverflow:hidden;\r\n\tdisplay:block;\r\n\tpadding:0px;\r\n\tfont-size: 18px !important;\r\n\tfont-family: Open Sans !important;\r\n\tcolor:#000000 !important;\r\n\tborder-bottom:0px !important;\r\n}\r\n\r\n#wpsm_accordion_441 .wpsm_panel-title a:focus {\r\noutline: 0px !important;\r\n}\r\n\r\n#wpsm_accordion_441 .wpsm_panel-title a:hover, #wpsm_accordion_441 .wpsm_panel-title a:focus {\r\n\tcolor:#000000 !important;\r\n}\r\n#wpsm_accordion_441 .acc-a{\r\n\tcolor: #000000 !important;\r\n\tbackground-color:#e8e8e8 !important;\r\n\tborder-color: #ddd;\r\n}\r\n#wpsm_accordion_441 .wpsm_panel-default > .wpsm_panel-heading{\r\n\tcolor: #000000 !important;\r\n\tbackground-color: #e8e8e8 !important;\r\n\tborder-color: #e8e8e8 !important;\r\n\tborder-top-left-radius: 0px;\r\n\tborder-top-right-radius: 0px;\r\n}\r\n#wpsm_accordion_441 .wpsm_panel-default {\r\n\t\tborder:1px solid transparent !important;\r\n\t}\r\n#wpsm_accordion_441 {\r\n\tmargin-bottom: 20px;\r\n\toverflow: hidden;\r\n\tfloat: none;\r\n\twidth: 100%;\r\n\tdisplay: block;\r\n}\r\n#wpsm_accordion_441 .ac_title_class{\r\n\tdisplay: block;\r\n\tpadding-top: 12px;\r\n\tpadding-bottom: 12px;\r\n\tpadding-left: 15px;\r\n\tpadding-right: 15px;\r\n}\r\n#wpsm_accordion_441  .wpsm_panel {\r\n\toverflow:hidden;\r\n\t-webkit-box-shadow: 0 0px 0px rgba(0, 0, 0, .05);\r\n\tbox-shadow: 0 0px 0px rgba(0, 0, 0, .05);\r\n\t\tborder-radius: 4px;\r\n\t}\r\n#wpsm_accordion_441  .wpsm_panel + .wpsm_panel {\r\n\t\tmargin-top: 5px;\r\n\t}\r\n#wpsm_accordion_441  .wpsm_panel-body{\r\n\tbackground-color:#ffffff !important;\r\n\tcolor:#000000 !important;\r\n\tborder-top-color: #e8e8e8 !important;\r\n\tfont-size:16px !important;\r\n\tfont-family: Open Sans !important;\r\n\toverflow: hidden;\r\n\t\tborder: 2px solid #e8e8e8 !important;\r\n\t}\r\n\r\n#wpsm_accordion_441 .ac_open_cl_icon{\r\n\tbackground-color:#e8e8e8 !important;\r\n\tcolor: #000000 !important;\r\n\tfloat:right !important;\r\n\tpadding-top: 12px !important;\r\n\tpadding-bottom: 12px !important;\r\n\tline-height: 1.0 !important;\r\n\tpadding-left: 15px !important;\r\n\tpadding-right: 15px !important;\r\n\tdisplay: inline-block !important;\r\n}\r\n\r\n\t\t\t\r\n\t\t\t<\/style>\t\r\n\t\t\t<\/style>\r\n\t\t\t<div class=\"wpsm_panel-group\" id=\"wpsm_accordion_441\" >\r\n\t\t\t\t\t\t\t\t\r\n\t\t\t\t\t<!-- Inner panel Start -->\r\n\t\t\t\t\t<div class=\"wpsm_panel wpsm_panel-default\">\r\n\t\t\t\t\t\t<div class=\"wpsm_panel-heading\" role=\"tab\" >\r\n\t\t\t\t\t\t  <h4 class=\"wpsm_panel-title\">\r\n\t\t\t\t\t\t\t<a  class=\"\"  data-toggle=\"collapse\" data-parent=\"#wpsm_accordion_441 \" href=\"javascript:void(0)\" data-target=\"#ac_441_collapse1\" onclick=\"do_resize()\">\r\n\t\t\t\t\t\t\t\t\t\t\t\t\t\t\t\t\t<span class=\"ac_open_cl_icon fa fa-plus\"><\/span>\r\n\t\t\t\t\t\t\t\t\t\r\n\t\t\t\t\t\t\t\t \r\n\t\t\t\t\t\t\t\t<span class=\"ac_title_class\">\r\n\t\t\t\t\t\t\t\t\t\t\t\t\t\t\t\t\t\t\t\t<span style=\"margin-right:6px;\" class=\"fa fa-list-alt\"><\/span>\r\n\t\t\t\t\t\t\t\t\tPLENARY SESSION\t\t\t\t\t\t\t\t<\/span>\r\n\t\t\t\t\t\t\t<\/a>\r\n\t\t\t\t\t\t  <\/h4>\r\n\t\t\t\t\t\t<\/div>\r\n\t\t\t\t\t\t<div id=\"ac_441_collapse1\" class=\"wpsm_panel-collapse collapse \"  >\r\n\t\t\t\t\t\t  <div class=\"wpsm_panel-body\">\r\n\t\t\t\t\t\t\t\n<table id=\"tablepress-14\" class=\"tablepress tablepress-id-14\">\n<thead>\n<tr class=\"row-1\">\n\t<th colspan=\"2\" class=\"column-1\"><strong>Chairperson Lukas Alsys, Kaunas UAS<\/strong><\/th>\n<\/tr>\n<\/thead>\n<tbody class=\"row-hover\">\n<tr class=\"row-2\">\n\t<td class=\"column-1\">9.35-10.05<\/td><td class=\"column-2\"><strong>Sustainability in Art and Art Education: Case Study of Chinese Contemporary Material Art<\/strong><br \/>\n<em><span style=\"color: #0c7896;\" <\/span><strong>Assoc. Prof. Dr Jovita Sakalauskait\u0117<\/strong> (artist, curator) &amp; <strong>PhD Kelly Liang<\/strong> (art historian, curator, RA Tsinghua University)<\/em><\/td>\n<\/tr>\n<tr class=\"row-3\">\n\t<td class=\"column-1\">10.05-10.35<\/td><td class=\"column-2\"><strong>Dystopical Panorama of Lithuanian Art Criticism<\/strong><br \/>\n<em><span style=\"color: #0c7896;\" <\/span><strong>Dr Ram\u016bnas \u010ci\u010delis<\/strong>, writer, journalist<\/em><\/td>\n<\/tr>\n<tr class=\"row-4\">\n\t<td class=\"column-1\">10.35-11.05<\/td><td class=\"column-2\"><strong>Academic \u201cFriendship\u201d: Gender Concerns About Students \/ Faculty Rapports on Facebook<\/strong><br \/>\n<em><span style=\"color: #0c7896;\" <\/span><strong>Dr Irina Rabinovich<\/strong>, Holon Institute of Technology, Israel<\/em><\/td>\n<\/tr>\n<tr class=\"row-5\">\n\t<td class=\"column-1\">11.05-11.35<\/td><td class=\"column-2\"><strong>Why Do Changes in Education Begin With Each of Us?<\/strong><br \/>\n<em><span style=\"color: #0c7896;\" <\/span><strong>Jovita Starkut\u0117<\/strong>, Educator, Founder of Family Lab Academy, PhD student, Lecturer in Kaunas University of Applied Sciences<\/em><\/td>\n<\/tr>\n<\/tbody>\n<\/table>\n<!-- #tablepress-14 from cache -->\t\t\t\t\t\t  <\/div>\r\n\t\t\t\t\t\t<\/div>\r\n\t\t\t\t\t<\/div>\r\n\t\t\t\t\t<!-- Inner panel End -->\r\n\t\t\t\t\t\r\n\t\t\t\t\t\t\t<\/div>\r\n\t\t\t\r\n<script type=\"text\/javascript\">\r\n\t\r\n\t\tfunction do_resize(){\r\n\r\n\t\t\tvar width=jQuery( '.wpsm_panel .wpsm_panel-body iframe' ).width();\r\n\t\t\tvar height=jQuery( '.wpsm_panel .wpsm_panel-body iframe' ).height();\r\n\r\n\t\t\tvar toggleSize = true;\r\n\t\t\tjQuery('iframe').animate({\r\n\t\t\t    width: toggleSize ? width : 640,\r\n\t\t\t    height: toggleSize ? height : 360\r\n\t\t\t  }, 250);\r\n\r\n\t\t\t  toggleSize = !toggleSize;\r\n\t\t}\r\n\t\t\r\n<\/script>\t\n<h3 class=\"has-text-align-center\" style=\"text-align: center;\"><span style=\"color: #008080;\"><strong>PANELS<\/strong><\/span><\/h3>\n\t\t\t\t\t\t<style>\r\n\t\t\t\t<style>\r\n#wpsm_accordion_443 .wpsm_panel-heading{\r\n\tpadding:0px !important;\r\n}\r\n#wpsm_accordion_443 .wpsm_panel-title {\r\n\tmargin:0px !important; \r\n\ttext-transform:none !important;\r\n\tline-height: 1 !important;\r\n}\r\n#wpsm_accordion_443 .wpsm_panel-title a{\r\n\ttext-decoration:none;\r\n\toverflow:hidden;\r\n\tdisplay:block;\r\n\tpadding:0px;\r\n\tfont-size: 18px !important;\r\n\tfont-family: Open Sans !important;\r\n\tcolor:#000000 !important;\r\n\tborder-bottom:0px !important;\r\n}\r\n\r\n#wpsm_accordion_443 .wpsm_panel-title a:focus {\r\noutline: 0px !important;\r\n}\r\n\r\n#wpsm_accordion_443 .wpsm_panel-title a:hover, #wpsm_accordion_443 .wpsm_panel-title a:focus {\r\n\tcolor:#000000 !important;\r\n}\r\n#wpsm_accordion_443 .acc-a{\r\n\tcolor: #000000 !important;\r\n\tbackground-color:#e8e8e8 !important;\r\n\tborder-color: #ddd;\r\n}\r\n#wpsm_accordion_443 .wpsm_panel-default > .wpsm_panel-heading{\r\n\tcolor: #000000 !important;\r\n\tbackground-color: #e8e8e8 !important;\r\n\tborder-color: #e8e8e8 !important;\r\n\tborder-top-left-radius: 0px;\r\n\tborder-top-right-radius: 0px;\r\n}\r\n#wpsm_accordion_443 .wpsm_panel-default {\r\n\t\tborder:1px solid transparent !important;\r\n\t}\r\n#wpsm_accordion_443 {\r\n\tmargin-bottom: 20px;\r\n\toverflow: hidden;\r\n\tfloat: none;\r\n\twidth: 100%;\r\n\tdisplay: block;\r\n}\r\n#wpsm_accordion_443 .ac_title_class{\r\n\tdisplay: block;\r\n\tpadding-top: 12px;\r\n\tpadding-bottom: 12px;\r\n\tpadding-left: 15px;\r\n\tpadding-right: 15px;\r\n}\r\n#wpsm_accordion_443  .wpsm_panel {\r\n\toverflow:hidden;\r\n\t-webkit-box-shadow: 0 0px 0px rgba(0, 0, 0, .05);\r\n\tbox-shadow: 0 0px 0px rgba(0, 0, 0, .05);\r\n\t\tborder-radius: 4px;\r\n\t}\r\n#wpsm_accordion_443  .wpsm_panel + .wpsm_panel {\r\n\t\tmargin-top: 5px;\r\n\t}\r\n#wpsm_accordion_443  .wpsm_panel-body{\r\n\tbackground-color:#ffffff !important;\r\n\tcolor:#000000 !important;\r\n\tborder-top-color: #e8e8e8 !important;\r\n\tfont-size:16px !important;\r\n\tfont-family: Open Sans !important;\r\n\toverflow: hidden;\r\n\t\tborder: 2px solid #e8e8e8 !important;\r\n\t}\r\n\r\n#wpsm_accordion_443 .ac_open_cl_icon{\r\n\tbackground-color:#e8e8e8 !important;\r\n\tcolor: #000000 !important;\r\n\tfloat:right !important;\r\n\tpadding-top: 12px !important;\r\n\tpadding-bottom: 12px !important;\r\n\tline-height: 1.0 !important;\r\n\tpadding-left: 15px !important;\r\n\tpadding-right: 15px !important;\r\n\tdisplay: inline-block !important;\r\n}\r\n\r\n\t\t\t\r\n\t\t\t<\/style>\t\r\n\t\t\t<\/style>\r\n\t\t\t<div class=\"wpsm_panel-group\" id=\"wpsm_accordion_443\" >\r\n\t\t\t\t\t\t\t\t\r\n\t\t\t\t\t<!-- Inner panel Start -->\r\n\t\t\t\t\t<div class=\"wpsm_panel wpsm_panel-default\">\r\n\t\t\t\t\t\t<div class=\"wpsm_panel-heading\" role=\"tab\" >\r\n\t\t\t\t\t\t  <h4 class=\"wpsm_panel-title\">\r\n\t\t\t\t\t\t\t<a  class=\"\"  data-toggle=\"collapse\" data-parent=\"#wpsm_accordion_443 \" href=\"javascript:void(0)\" data-target=\"#ac_443_collapse1\" onclick=\"do_resize()\">\r\n\t\t\t\t\t\t\t\t\t\t\t\t\t\t\t\t\t<span class=\"ac_open_cl_icon fa fa-plus\"><\/span>\r\n\t\t\t\t\t\t\t\t\t\r\n\t\t\t\t\t\t\t\t \r\n\t\t\t\t\t\t\t\t<span class=\"ac_title_class\">\r\n\t\t\t\t\t\t\t\t\t\t\t\t\t\t\t\t\t\t\t\t<span style=\"margin-right:6px;\" class=\"fa fa-list-alt\"><\/span>\r\n\t\t\t\t\t\t\t\t\tFINDING OPPORTUNITIES TO IMPROVE PRE-SCHOOL AND PRE-PRIMARY EDUCATION\t\t\t\t\t\t\t\t<\/span>\r\n\t\t\t\t\t\t\t<\/a>\r\n\t\t\t\t\t\t  <\/h4>\r\n\t\t\t\t\t\t<\/div>\r\n\t\t\t\t\t\t<div id=\"ac_443_collapse1\" class=\"wpsm_panel-collapse collapse \"  >\r\n\t\t\t\t\t\t  <div class=\"wpsm_panel-body\">\r\n\t\t\t\t\t\t\t\n<table id=\"tablepress-15\" class=\"tablepress tablepress-id-15\">\n<thead>\n<tr class=\"row-1\">\n\t<th colspan=\"2\" class=\"column-1\"><strong>Moderators Dr Sigita Saul\u0117nien\u0117, Kaunas UAS and Dr Algimantas Bagdonas, Kaunas UAS<\/strong><\/th>\n<\/tr>\n<\/thead>\n<tbody class=\"row-hover\">\n<tr class=\"row-2\">\n\t<td class=\"column-1\">12.30-12.45<\/td><td class=\"column-2\"><strong>Studij\u0173 ir darbo derinimo galimyb\u0117s<\/strong><br \/>\n<em><span style=\"color: #0c7896;\" <\/span><strong>Dr. Algimantas Bagdonas, Asta Jakimavi\u010dien\u0117, Raimonda Sadauskien\u0117, dr. Sigita Saul\u0117nien\u0117<\/strong><br \/>\nKauno kolegija<\/em><br \/>\n<\/td>\n<\/tr>\n<tr class=\"row-3\">\n\t<td class=\"column-1\">12.45-13.00<\/td><td class=\"column-2\"><strong>Refleksijos taikymo galimyb\u0117s ikimokyklinio ugdymo pedagog\u0173 mokymosi procese<\/strong><br \/>\n<em><span style=\"color: #0c7896;\" <\/span><strong>Dr. Algimantas Bagdonas, dr. Sigita Saul\u0117nien\u0117<\/strong><br \/>\nKauno kolegija<\/em><\/td>\n<\/tr>\n<tr class=\"row-4\">\n\t<td class=\"column-1\">13.00-13.15<\/td><td class=\"column-2\"><strong>Dorovini\u0173 vertybi\u0173 ugdymas(-is) ikimokykliniame am\u017eiuje<\/strong><br \/>\n<em><span style=\"color: #0c7896;\" <\/span><strong>Gitana Bale\u017eentien\u0117<\/strong><br \/>\nAlytaus lop\u0161elis-dar\u017eelis \u201ePasaka\u201c<br \/>\n<strong>Dr. Algimantas Bagdonas<\/strong><br \/>\nKauno kolegija<\/em><\/td>\n<\/tr>\n<tr class=\"row-5\">\n\t<td class=\"column-1\">13.15-13.30<\/td><td class=\"column-2\"><strong>Prie\u0161mokyklinio am\u017eiaus vaik\u0173 k\u016brybi\u0161kumo ugdymas taikant \u201eSTEAM\u201c<\/strong><br \/>\n<em><span style=\"color: #0c7896;\" <\/span><strong>Dalia Linkevi\u010dien\u0117<\/strong><br \/>\nKauno lop\u0161elis-dar\u017eelis \u201eAu\u0161rin\u0117\u201c<br \/>\n<strong>Jolanta St\u016bronait\u0117<\/strong><br \/>\nKauno kolegija<\/em><\/td>\n<\/tr>\n<tr class=\"row-6\">\n\t<td class=\"column-1\">13.30-13.45<\/td><td class=\"column-2\"><strong>Montesori pedagogikos element\u0173 integravimas \u012f \u201eGeros prad\u017eios\u201c ugdymo metodikos veiklas dar\u017eelyje \u201eX\u201c<\/strong><br \/>\n<em><span style=\"color: #0c7896;\" <\/span><strong>Gerada Lidija Tuominyt\u0117<\/strong><br \/>\nKauno \u017daliakalnio lop\u0161elis-dar\u017eelis<br \/>\n<strong>Jolanta St\u016bronait\u0117<\/strong><br \/>\nKauno kolegija<\/em><\/td>\n<\/tr>\n<tr class=\"row-7\">\n\t<td class=\"column-1\">13.45-14.00<\/td><td class=\"column-2\"><strong>Sveikos gyvensenos \u012fg\u016bd\u017ei\u0173 ugdymas ikimokyklinio ugdymo \u012fstaigoje<\/strong><br \/>\n<em><span style=\"color: #0c7896;\" <\/span><strong>Dr.Vilma Liaudansk\u0117, Sonata \u0160iupienien\u0117<\/strong><br \/>\nMarijampol\u0117s kolegija<\/em><\/td>\n<\/tr>\n<tr class=\"row-8\">\n\t<td class=\"column-1\">14.00-14.15<\/td><td class=\"column-2\"><strong>Pedagogo kompetencijos siekiant dirbti su ikimokyklinio am\u017eiaus vaikais, turin\u010diais autizmo spektro sutrikim\u0105<\/strong><br \/>\n<em><span style=\"color: #0c7896;\" <\/span><strong>Renata Venslovien\u0117<\/strong><br \/>\nK\u0117daini\u0173 lop\u0161elis-dar\u017eelis \u201ePuriena\u201c<br \/>\n<strong>Dr. Sigita Saul\u0117nien\u0117<\/strong><br \/>\nKauno kolegija<\/em><\/td>\n<\/tr>\n<tr class=\"row-9\">\n\t<td class=\"column-1\">14.15-14.30<\/td><td class=\"column-2\"><strong>4-5 met\u0173 am\u017eiaus vaik\u0173 pa\u017einimo ugdymas(-is) menin\u0117se veiklose, taikant informacines kompiuterines technologijas, ikimokyklinio ugdymo \u012fstaigoje \u201eX\u201c<\/strong><br \/>\n<em><span style=\"color: #0c7896;\" <\/span><strong>Renata Pak\u0161tien\u0117<\/strong><br \/>\nJonavos vaik\u0173 lop\u0161elis \u2013 dar\u017eelis \u201eLak\u0161tingal\u0117l\u0117\u201c<br \/>\n<strong>Jolanta St\u016bronait\u0117<\/strong><br \/>\nKauno kolegija<\/em><\/td>\n<\/tr>\n<tr class=\"row-10\">\n\t<td class=\"column-1\">14.30-14.45<\/td><td class=\"column-2\"><strong>Ankstyvojo am\u017eiaus vaik\u0173 adaptacija ikimokyklinio ugdymo \u012fstaigoje<\/strong><br \/>\n<em><span style=\"color: #0c7896;\" <\/span><strong>Kristina Vai\u010di\u016bnien\u0117<\/strong>,<br \/>\nKauno r. Lapi\u0173 lop\u0161elis-dar\u017eelis<br \/>\n<strong>Edita Dulkinien\u0117<\/strong><br \/>\nKauno kolegija<\/em><\/td>\n<\/tr>\n<tr class=\"row-11\">\n\t<td class=\"column-1\">15.00-15.15<\/td><td class=\"column-2\"><strong>T\u0117v\u0173 ir pedagog\u0173 bendradarbiavimo b\u016bdai ankstyvojo am\u017eiaus vaik\u0173 grup\u0117je adaptacijos laikotarpiu<\/strong><br \/>\n<em><span style=\"color: #0c7896;\" <\/span><strong>J\u016brat\u0117 Pauk\u0161tien\u0117<\/strong><br \/>\nKauno lop\u0161elis \/ dar\u017eelis \u201eNe\u017einiukas\u201c<br \/>\n<strong>Dr. Sigita Saul\u0117nien\u0117<\/strong><br \/>\nKauno kolegija<\/em><\/td>\n<\/tr>\n<tr class=\"row-12\">\n\t<td class=\"column-1\">15.15-15.30<\/td><td class=\"column-2\"><strong>\u201eSTEAM\u201c taikymo galimyb\u0117s lauko dar\u017eelyje: pedagog\u0173 po\u017ei\u016bris<\/strong><br \/>\n<em><span style=\"color: #0c7896;\" <\/span><strong>Aurelija Vidmantien\u0117<\/strong><br \/>\nV\u0161\u012e Lauko dar\u017eelis<br \/>\n<strong>Nijol\u0117 Me\u0161kelien\u0117<\/strong><br \/>\nKauno kolegija<\/em><\/td>\n<\/tr>\n<\/tbody>\n<\/table>\n<!-- #tablepress-15 from cache -->\t\t\t\t\t\t  <\/div>\r\n\t\t\t\t\t\t<\/div>\r\n\t\t\t\t\t<\/div>\r\n\t\t\t\t\t<!-- Inner panel End -->\r\n\t\t\t\t\t\r\n\t\t\t\t\t\t\t\t\r\n\t\t\t\t\t<!-- Inner panel Start -->\r\n\t\t\t\t\t<div class=\"wpsm_panel wpsm_panel-default\">\r\n\t\t\t\t\t\t<div class=\"wpsm_panel-heading\" role=\"tab\" >\r\n\t\t\t\t\t\t  <h4 class=\"wpsm_panel-title\">\r\n\t\t\t\t\t\t\t<a  class=\"collapsed\"  data-toggle=\"collapse\" data-parent=\"#wpsm_accordion_443 \" href=\"javascript:void(0)\" data-target=\"#ac_443_collapse2\" onclick=\"do_resize()\">\r\n\t\t\t\t\t\t\t\t\t\t\t\t\t\t\t\t\t<span class=\"ac_open_cl_icon fa fa-plus\"><\/span>\r\n\t\t\t\t\t\t\t\t\t\r\n\t\t\t\t\t\t\t\t \r\n\t\t\t\t\t\t\t\t<span class=\"ac_title_class\">\r\n\t\t\t\t\t\t\t\t\t\t\t\t\t\t\t\t\t\t\t\t<span style=\"margin-right:6px;\" class=\"fa fa-list-alt\"><\/span>\r\n\t\t\t\t\t\t\t\t\tCHALLENGES IN LANGUAGE AND TRANSLATION STUDIES\t\t\t\t\t\t\t\t<\/span>\r\n\t\t\t\t\t\t\t<\/a>\r\n\t\t\t\t\t\t  <\/h4>\r\n\t\t\t\t\t\t<\/div>\r\n\t\t\t\t\t\t<div id=\"ac_443_collapse2\" class=\"wpsm_panel-collapse collapse \"  >\r\n\t\t\t\t\t\t  <div class=\"wpsm_panel-body\">\r\n\t\t\t\t\t\t\t\n<table id=\"tablepress-16\" class=\"tablepress tablepress-id-16\">\n<thead>\n<tr class=\"row-1\">\n\t<th colspan=\"2\" class=\"column-1\"><strong>Moderator Ieva Brazauskait\u0117-Zubavi\u010dien\u0117, Kaunas UAS<\/strong><\/th>\n<\/tr>\n<\/thead>\n<tbody class=\"row-hover\">\n<tr class=\"row-2\">\n\t<td class=\"column-1\">12.30-12.45<\/td><td class=\"column-2\"><strong>Power of Language and Language of Power<\/strong><br \/>\n<em><span style=\"color: #0c7896;\" <\/span><strong>Daiva Ida Povilait\u0117<\/strong><br \/>\nKaunas UAS, Lithuania<\/em><br \/>\n<a href=\"http:\/\/adle.kaunokolegija.lt\/en\/wp-content\/uploads\/sites\/3\/2021\/12\/Kalbos-ir-vertimo_1_Povilaite_EN_adle2021_abstract.pdf\"target=\"_blank\" rel=\"noopener noreferrer\">Abstract<\/a><\/td>\n<\/tr>\n<tr class=\"row-3\">\n\t<td class=\"column-1\">12.45-13.00<\/td><td class=\"column-2\"><strong>Seriously Funny Overview of the Linguistic Paradox in Advertising Discourse<\/strong><br \/>\n<em><span style=\"color: #0c7896;\" <\/span><strong>Asta Pukien\u0117<\/strong><br \/>\nKaunas UAS, Lithuania<\/em><br \/>\n<a href=\"http:\/\/adle.kaunokolegija.lt\/en\/wp-content\/uploads\/sites\/3\/2021\/12\/Kalbos-ir-vertimo_2_Pukiene_EN_adle2021_abstract.pdf\"target=\"_blank\" rel=\"noopener noreferrer\">Abstract<\/a><\/td>\n<\/tr>\n<tr class=\"row-4\">\n\t<td class=\"column-1\">13.00-13.15<\/td><td class=\"column-2\"><strong>Neologisms in the Populist Discourse: a Semiotic Approach<\/strong><br \/>\n<em><span style=\"color: #0c7896;\" <\/span><strong>Juan Carlos Pag\u00e1n Motos<\/strong><br \/>\nKaunas UAS, Lithuania<\/em><br \/>\n<a href=\"http:\/\/adle.kaunokolegija.lt\/en\/wp-content\/uploads\/sites\/3\/2021\/12\/Kalbos-ir-vertimo_3_Motos_EN_adle2021_abstract.pdf\"target=\"_blank\" rel=\"noopener noreferrer\">Abstract<\/a><\/td>\n<\/tr>\n<tr class=\"row-5\">\n\t<td class=\"column-1\">13.15-13.30<\/td><td class=\"column-2\"><strong>Lietuvi\u0173 kalbos i\u0161tekliai skaitmenin\u0117je terp\u0117je: naudojimo(si) galimyb\u0117s studij\u0173 procese<\/strong><br \/>\n<em><span style=\"color: #0c7896;\" <\/span><strong>Dr. Au\u0161ra Rimkut\u0117-Ganusauskien\u0117<\/strong><br \/>\nKauno kolegija<\/em><\/td>\n<\/tr>\n<tr class=\"row-6\">\n\t<td class=\"column-1\">13.30-13.45<\/td><td class=\"column-2\"><strong>Personal Wellbeing of Interpreters Working in Humanitarian Context \u2013 Case of Refugees and Asylum Seekers<\/strong><br \/>\n<em><span style=\"color: #0c7896;\" <\/span><strong>Shams Aldeen Shams Aldeen<\/strong><br \/>\nKaunas UAS, Lithuania<\/em><br \/>\n<a href=\"http:\/\/adle.kaunokolegija.lt\/en\/wp-content\/uploads\/sites\/3\/2021\/12\/Kalbos-ir-vertimo_5_Aldeen_EN_adle2021_abstract.pdf\"target=\"_blank\" rel=\"noopener noreferrer\">Abstract<\/a><\/td>\n<\/tr>\n<tr class=\"row-7\">\n\t<td class=\"column-1\">13.45-14.00<\/td><td class=\"column-2\"><strong>Translating Semantically Meaningful Anthroponyms for Children<\/strong><br \/>\n<em><span style=\"color: #0c7896;\" <\/span><strong>Lina Stravinskait\u0117<\/strong>,<br \/>\n<strong>Dr. Ligita Judickait\u0117-Pa\u0161venskien\u0117<\/strong><br \/>\nKaunas UAS, Lithuania<\/em><br \/>\n<a href=\"http:\/\/adle.kaunokolegija.lt\/en\/wp-content\/uploads\/sites\/3\/2021\/12\/Kalbos-ir-vertimo_6_Pasvenskiene_Stravinskaite_EN-adle2021_abstract.pdf\"target=\"_blank\" rel=\"noopener noreferrer\">Abstract<\/a><\/td>\n<\/tr>\n<tr class=\"row-8\">\n\t<td class=\"column-1\">14.00-14.15<\/td><td class=\"column-2\"><strong>Analysis of Verb-Based Nominals in Translation of the European Union Legislation in Force<\/strong><br \/>\n<em><span style=\"color: #0c7896;\" <\/span><strong>Dr. Ligita Judickait\u0117-Pa\u0161venskien\u0117<\/strong>,<br \/>\n<strong>Lina Stravinskait\u0117<\/strong><br \/>\nKaunas UAS, Lithuania<\/em><br \/>\n<a href=\"http:\/\/adle.kaunokolegija.lt\/en\/wp-content\/uploads\/sites\/3\/2021\/12\/Kalbos-ir-vertimo_7_Stravinskaite_Pasvenskiene_EN-adle2021_abstract.pdf\"target=\"_blank\" rel=\"noopener noreferrer\">Abtract<\/a><\/td>\n<\/tr>\n<tr class=\"row-9\">\n\t<td class=\"column-1\">14.15-14.30<\/td><td class=\"column-2\"><strong>Starting and Finishing Touches to a Perfect Research Paper and its Presentation<\/strong><br \/>\n<em><span style=\"color: #0c7896;\" <\/span><strong>Gemma Navickien\u0117<\/strong><br \/>\nKaunas UAS, Lithuania<\/em><br \/>\n<a href=\"http:\/\/adle.kaunokolegija.lt\/en\/wp-content\/uploads\/sites\/3\/2021\/12\/Kalbos-ir-vertimo_8_Navickiene_EN_adle2021_abstract.pdf\"target=\"_blank\" rel=\"noopener noreferrer\">Abstract<\/a><\/td>\n<\/tr>\n<tr class=\"row-10\">\n\t<td class=\"column-1\">14.30-14.45<\/td><td class=\"column-2\"><strong>Add C for Context: What Can Language Instructors From the Humanities Contribute to Research in Foreign Language Acquisition?<\/strong><br \/>\n<em><span style=\"color: #0c7896;\" <\/span><strong>Dr. Dror Abend-David<\/strong><br \/>\nUniversity of Florida, USA<br \/>\nJames Kusch<br \/>\nOf Blessed Memory<\/em><br \/>\n<a href=\"http:\/\/adle.kaunokolegija.lt\/en\/wp-content\/uploads\/sites\/3\/2021\/12\/Kalbos-ir-vertimo_9_Abend_EN_adle2021_abstract.pdf\"target=\"_blank\" rel=\"noopener noreferrer\">Abstract<\/a><\/td>\n<\/tr>\n<\/tbody>\n<\/table>\n<!-- #tablepress-16 from cache -->\t\t\t\t\t\t  <\/div>\r\n\t\t\t\t\t\t<\/div>\r\n\t\t\t\t\t<\/div>\r\n\t\t\t\t\t<!-- Inner panel End -->\r\n\t\t\t\t\t\r\n\t\t\t\t\t\t\t\t\r\n\t\t\t\t\t<!-- Inner panel Start -->\r\n\t\t\t\t\t<div class=\"wpsm_panel wpsm_panel-default\">\r\n\t\t\t\t\t\t<div class=\"wpsm_panel-heading\" role=\"tab\" >\r\n\t\t\t\t\t\t  <h4 class=\"wpsm_panel-title\">\r\n\t\t\t\t\t\t\t<a  class=\"collapsed\"  data-toggle=\"collapse\" data-parent=\"#wpsm_accordion_443 \" href=\"javascript:void(0)\" data-target=\"#ac_443_collapse3\" onclick=\"do_resize()\">\r\n\t\t\t\t\t\t\t\t\t\t\t\t\t\t\t\t\t<span class=\"ac_open_cl_icon fa fa-plus\"><\/span>\r\n\t\t\t\t\t\t\t\t\t\r\n\t\t\t\t\t\t\t\t \r\n\t\t\t\t\t\t\t\t<span class=\"ac_title_class\">\r\n\t\t\t\t\t\t\t\t\t\t\t\t\t\t\t\t\t\t\t\t<span style=\"margin-right:6px;\" class=\"fa fa-list-alt\"><\/span>\r\n\t\t\t\t\t\t\t\t\tCONTEMPORARY TRENDS IN DEVELOPING LINGUISTIC AND SOFT SKILLS\t\t\t\t\t\t\t\t<\/span>\r\n\t\t\t\t\t\t\t<\/a>\r\n\t\t\t\t\t\t  <\/h4>\r\n\t\t\t\t\t\t<\/div>\r\n\t\t\t\t\t\t<div id=\"ac_443_collapse3\" class=\"wpsm_panel-collapse collapse \"  >\r\n\t\t\t\t\t\t  <div class=\"wpsm_panel-body\">\r\n\t\t\t\t\t\t\t\n<table id=\"tablepress-17\" class=\"tablepress tablepress-id-17\">\n<thead>\n<tr class=\"row-1\">\n\t<th colspan=\"2\" class=\"column-1\"><strong>Moderator Dr Rima Jasnauskait\u0117, Kaunas UAS<\/strong><\/th>\n<\/tr>\n<\/thead>\n<tbody class=\"row-hover\">\n<tr class=\"row-2\">\n\t<td class=\"column-1\">12.30-12.45<\/td><td class=\"column-2\"><strong>The Use of Game-Based Tools for Formative Assessment in Language Teaching<\/strong><br \/>\n<em><span style=\"color: #0c7896;\" <\/span><strong>Valentina Gavranovi\u0107<\/strong><br \/>\nSingidunum University, Serbia<\/em><br \/>\n<a href=\"http:\/\/adle.kaunokolegija.lt\/en\/wp-content\/uploads\/sites\/3\/2021\/12\/\u0160iuolaikin\u0117s-kalb\u0173_1_Gavranovic_EN_adle2021_abstract.pdf\"target=\"_blank\" rel=\"noopener noreferrer\">Abstract<\/a><\/td>\n<\/tr>\n<tr class=\"row-3\">\n\t<td class=\"column-1\">12.45-13.00<\/td><td class=\"column-2\"><strong>Relationship Between Reading Comprehension and Vocabulary Size Among English Majors at the University of Applied Sciences of Kaunas<\/strong><br \/>\n<em><span style=\"color: #0c7896;\" <\/span><strong>Vaida Misevi\u010di\u016bt\u0117<\/strong><br \/>\nKaunas UAS, Lithuania<\/em><br \/>\n<a href=\"http:\/\/adle.kaunokolegija.lt\/en\/wp-content\/uploads\/sites\/3\/2021\/12\/\u0160iuolaikin\u0117s-kalb\u0173_2_Miseviciute_EN_adle2021_abstract.pdf\"target=\"_blank\" rel=\"noopener noreferrer\">Abstract<\/a><\/td>\n<\/tr>\n<tr class=\"row-4\">\n\t<td class=\"column-1\">13.00-13.15<\/td><td class=\"column-2\"><strong>University Students\u2019 Attitude Towards Peer Assessment in an Online Foreign Language Classroom<\/strong><br \/>\n<em><span style=\"color: #0c7896;\" <\/span><strong>Aurelija Dauk\u0161ait\u0117-Kolpakovien\u0117<\/strong><br \/>\nVytautas Magnus University<\/em><br \/>\n<a href=\"http:\/\/adle.kaunokolegija.lt\/en\/wp-content\/uploads\/sites\/3\/2021\/12\/\u0160iuolaikin\u0117s-kalb\u0173_3_Kalpakoviene_EN_adle2021_abstract.pdf\"target=\"_blank\" rel=\"noopener noreferrer\">Abstract<\/a><\/td>\n<\/tr>\n<tr class=\"row-5\">\n\t<td class=\"column-1\">13.15-13.30<\/td><td class=\"column-2\"><strong>Peculiarities and Motives of Employees Learning Foreign Languages in Kaunas University of Applied Sciences<\/strong><br \/>\n<em><span style=\"color: #0c7896;\" <\/span><strong>Jolanta Bareikien\u0117<\/strong>,<br \/>\n<strong>Ieva Brazauskait\u0117-Zubavi\u010dien\u0117<\/strong><br \/>\nKaunas UAS, Lithuania<\/em><br \/>\n<a href=\"http:\/\/adle.kaunokolegija.lt\/en\/wp-content\/uploads\/sites\/3\/2021\/12\/Kalbos-ir-vertimo_4_Bareikiene_Zubaviciene_EN_adle2021_abstract.pdf\"target=\"_blank\" rel=\"noopener noreferrer\">Abstract<\/a><\/td>\n<\/tr>\n<tr class=\"row-6\">\n\t<td class=\"column-1\">13.30-13.45<\/td><td class=\"column-2\"><strong>Why Teachers Learn English Informally From the Perspective of Kaunas UAS\u2019 Case Study Results<\/strong><br \/>\n<em><span style=\"color: #0c7896;\" <\/span><strong>Dr. Rima Jasnauskait\u0117<\/strong><br \/>\nKaunas UAS, Lithuania<\/em><br \/>\n<a href=\"http:\/\/adle.kaunokolegija.lt\/en\/wp-content\/uploads\/sites\/3\/2021\/12\/\u0160iuolaikin\u0117s-kalb\u0173_4_Jasnauskaite_EN_adle2021_abstract.pdf\"target=\"_blank\" rel=\"noopener noreferrer\">Abstract<\/a><\/td>\n<\/tr>\n<tr class=\"row-7\">\n\t<td class=\"column-1\">13.45-14.00<\/td><td class=\"column-2\"><strong>Developing a Questionnaire for Strategic Technology-Based Language Learning<\/strong><br \/>\n<em><span style=\"color: #0c7896;\" <\/span><strong>Edvinas Ignatavi\u010dius<\/strong><br \/>\nKaunas UAS, Lithuania<\/em><br \/>\n<a href=\"http:\/\/adle.kaunokolegija.lt\/en\/wp-content\/uploads\/sites\/3\/2021\/12\/\u0160iuolaikin\u0117s-kalb\u0173_5_Ignatavicius_EN_adle2021_abstract.pdf\"target=\"_blank\" rel=\"noopener noreferrer\">Abstract<\/a><\/td>\n<\/tr>\n<tr class=\"row-8\">\n\t<td class=\"column-1\">14.00-14.15<\/td><td class=\"column-2\"><strong>Darnaus vystymosi kompetencij\u0173 ugdymas Kauno kolegijoje: student\u0173 nuomon\u0117<\/strong><br \/>\n<em><span style=\"color: #0c7896;\" <\/span><strong>Rasa \u0160ulcien\u0117<\/strong>,<br \/>\n<strong>Renata Sedliorien\u0117<\/strong><br \/>\nKauno kolegija<\/em><br \/>\n<a href=\"http:\/\/adle.kaunokolegija.lt\/en\/wp-content\/uploads\/sites\/3\/2021\/12\/\u0160iuolaikin\u0117s-kalb\u0173_6_Sedlioriene_Sulciene_EN_adle2021_abstract.pdf\"target=\"_blank\" rel=\"noopener noreferrer\">Abstract<\/a><\/td>\n<\/tr>\n<tr class=\"row-9\">\n\t<td class=\"column-1\">14.15-14.30<\/td><td class=\"column-2\"><strong>Kauno kolegijos darbuotoj\u0173 gimtosios kalbos vartosenos tyrimas<\/strong><br \/>\n<em><span style=\"color: #0c7896;\" <\/span><strong>Dr. Au\u0161ra Rimkut\u0117-Ganusauskien\u0117<\/strong><br \/>\nKauno kolegija<\/em><\/td>\n<\/tr>\n<tr class=\"row-10\">\n\t<td class=\"column-1\">14.30-14.45<\/td><td class=\"column-2\"><strong>Technologini\u0173 sprendim\u0173 \u012ftaka nuotolini\u0173 studij\u0173 organizavimui ir kokybei<\/strong><br \/>\n<em><span style=\"color: #0c7896;\" <\/span><strong>Albertas Juodeika<\/strong>,<br \/>\n<strong>Kristina Juodeikien\u0117<\/strong><br \/>\nKauno kolegija<\/em><\/td>\n<\/tr>\n<\/tbody>\n<\/table>\n<!-- #tablepress-17 from cache -->\t\t\t\t\t\t  <\/div>\r\n\t\t\t\t\t\t<\/div>\r\n\t\t\t\t\t<\/div>\r\n\t\t\t\t\t<!-- Inner panel End -->\r\n\t\t\t\t\t\r\n\t\t\t\t\t\t\t\t\r\n\t\t\t\t\t<!-- Inner panel Start -->\r\n\t\t\t\t\t<div class=\"wpsm_panel wpsm_panel-default\">\r\n\t\t\t\t\t\t<div class=\"wpsm_panel-heading\" role=\"tab\" >\r\n\t\t\t\t\t\t  <h4 class=\"wpsm_panel-title\">\r\n\t\t\t\t\t\t\t<a  class=\"collapsed\"  data-toggle=\"collapse\" data-parent=\"#wpsm_accordion_443 \" href=\"javascript:void(0)\" data-target=\"#ac_443_collapse4\" onclick=\"do_resize()\">\r\n\t\t\t\t\t\t\t\t\t\t\t\t\t\t\t\t\t<span class=\"ac_open_cl_icon fa fa-plus\"><\/span>\r\n\t\t\t\t\t\t\t\t\t\r\n\t\t\t\t\t\t\t\t \r\n\t\t\t\t\t\t\t\t<span class=\"ac_title_class\">\r\n\t\t\t\t\t\t\t\t\t\t\t\t\t\t\t\t\t\t\t\t<span style=\"margin-right:6px;\" class=\"fa fa-list-alt\"><\/span>\r\n\t\t\t\t\t\t\t\t\tINCLUSIVE EDUCATION, CREATIVITY AND CRITICAL THINKING IN THE CONTEXT OF ARTS\t\t\t\t\t\t\t\t<\/span>\r\n\t\t\t\t\t\t\t<\/a>\r\n\t\t\t\t\t\t  <\/h4>\r\n\t\t\t\t\t\t<\/div>\r\n\t\t\t\t\t\t<div id=\"ac_443_collapse4\" class=\"wpsm_panel-collapse collapse \"  >\r\n\t\t\t\t\t\t  <div class=\"wpsm_panel-body\">\r\n\t\t\t\t\t\t\t\n<table id=\"tablepress-18\" class=\"tablepress tablepress-id-18\">\n<thead>\n<tr class=\"row-1\">\n\t<th colspan=\"2\" class=\"column-1\"><strong>Moderator Lukas Alsys, Kaunas UAS<\/strong><\/th>\n<\/tr>\n<\/thead>\n<tbody class=\"row-hover\">\n<tr class=\"row-2\">\n\t<td class=\"column-1\">12.30-12.45<\/td><td class=\"column-2\"><strong>Inclusive Art Education \u2013 INARTdis Project<\/strong><br \/>\n<em><span style=\"color: #0c7896;\" <\/span><strong>Dr. Monika Gigerl<\/strong>, BEd, MA; <strong>Mag. Elisabeth Herunter<\/strong><br \/>\nUniversity College of Teacher Education Styria; Austria<br \/>\n<strong>Mag. Karin Gollowitsch<\/strong><br \/>\nUniversity College of Teacher Education Styria; Austria<\/em><br \/>\n<a href=\"http:\/\/adle.kaunokolegija.lt\/en\/wp-content\/uploads\/sites\/3\/2021\/12\/Menas_1_Gigerl_EN_adle2021_abstract.pdf\"target=\"_blank\" rel=\"noopener noreferrer\">Report Summary<\/a><\/td>\n<\/tr>\n<tr class=\"row-3\">\n\t<td class=\"column-1\">12.45-13.00<\/td><td class=\"column-2\"><strong>Keletas istorini\u0173 \u0161trich\u0173 apie pie\u0161imo mokym\u0105 \u201ePel\u0117d\u0173 kalne\u201c<\/strong><br \/>\n<em><span style=\"color: #0c7896;\" <\/span><strong>Dr. Raimonda Simanaitien\u0117<\/strong><br \/>\nKauno kolegija,<br \/>\nVytauto Did\u017eiojo universitetas<\/em><\/td>\n<\/tr>\n<tr class=\"row-4\">\n\t<td class=\"column-1\">13.00-13.15<\/td><td class=\"column-2\"><strong>Rules: Do They Restrict or Release Creativity?<\/strong><br \/>\n<em><span style=\"color: #0c7896;\" <\/span><strong>Dr Ingrida Povilaitien\u0117<\/strong><br \/>\nKaunas UAS, Lithuania<\/em><br \/>\n<a href=\"http:\/\/adle.kaunokolegija.lt\/en\/wp-content\/uploads\/sites\/3\/2021\/12\/Menas_3_Povilaitiene_EN_adle2021_abstract.pdf\"target=\"_blank\" rel=\"noopener noreferrer\">Report Summary<\/a><\/td>\n<\/tr>\n<tr class=\"row-5\">\n\t<td class=\"column-1\">13.15-13.30<\/td><td class=\"column-2\"><strong>K\u016brybi\u0161kumo rai\u0161ka Men\u0173 akademijos fotografijos studij\u0173 student\u0173 darbuose pandemijos kontekste<\/strong><br \/>\n<em><span style=\"color: #0c7896;\" <\/span><strong>Svetlana Batura<\/strong><br \/>\nKauno kolegija<\/em><\/td>\n<\/tr>\n<tr class=\"row-6\">\n\t<td class=\"column-1\">13.30-13.45<\/td><td class=\"column-2\"><strong>Socialistinio realizmo vaidyba ir istoriografijos problematika<\/strong><br \/>\n<em><span style=\"color: #0c7896;\" <\/span><strong>Lukas Alsys<\/strong><br \/>\nKauno kolegija<\/em><\/td>\n<\/tr>\n<tr class=\"row-7\">\n\t<td class=\"column-1\">13.45-14.00<\/td><td class=\"column-2\"><strong>Kritinio m\u0105stymo reik\u0161m\u0117 Albert Camus romane \u201eSvetimas\u201c<\/strong><br \/>\n<em><span style=\"color: #0c7896;\" <\/span><strong>Edita Budryt\u0117<\/strong><br \/>\nKauno kolegija<\/em><\/td>\n<\/tr>\n<tr class=\"row-8\">\n\t<td class=\"column-1\">14.00-14.15<\/td><td class=\"column-2\"><strong>Ethnographic Photography: Visual Analysis Methods for Interpreting Urban Spaces<\/strong><br \/>\n<em><span style=\"color: #0c7896;\" <\/span><strong>Karina Ra\u010daityt\u0117<\/strong><br \/>\nKaunas UAS, Lithuania<\/em><\/td>\n<\/tr>\n<tr class=\"row-9\">\n\t<td class=\"column-1\">14.15-14.30<\/td><td class=\"column-2\"><strong>Venecijos Bienal\u0117. Ap\u017evalga. Refleksijos<\/strong><br \/>\n<em><span style=\"color: #0c7896;\" <\/span><strong>Sigut\u0117 Bronickien\u0117<\/strong><br \/>\nKauno kolegija<\/em><\/td>\n<\/tr>\n<tr class=\"row-10\">\n\t<td class=\"column-1\">14.30-14.45<\/td><td class=\"column-2\"><strong>Restauruoti Antano Sorakos k\u016briniai i\u0161 Lazdij\u0173 kra\u0161to muziejaus<\/strong><br \/>\n<em><span style=\"color: #0c7896;\" <\/span><strong>Rolandas Vi\u010dys<\/strong><br \/>\nKauno kolegija \/<br \/>\nLietuvos nacionalinis dail\u0117s muziejus Prano Gudyno restauravimo centras<br \/>\n<strong>Laima Kruopait\u0117<\/strong><br \/>\nLietuvos nacionalinis dail\u0117s muziejus Prano Gudyno restauravimo centras<\/em><br \/>\n<\/td>\n<\/tr>\n<\/tbody>\n<\/table>\n<!-- #tablepress-18 from cache -->\t\t\t\t\t\t  <\/div>\r\n\t\t\t\t\t\t<\/div>\r\n\t\t\t\t\t<\/div>\r\n\t\t\t\t\t<!-- Inner panel End -->\r\n\t\t\t\t\t\r\n\t\t\t\t\t\t\t\t\r\n\t\t\t\t\t<!-- Inner panel Start -->\r\n\t\t\t\t\t<div class=\"wpsm_panel wpsm_panel-default\">\r\n\t\t\t\t\t\t<div class=\"wpsm_panel-heading\" role=\"tab\" >\r\n\t\t\t\t\t\t  <h4 class=\"wpsm_panel-title\">\r\n\t\t\t\t\t\t\t<a  class=\"collapsed\"  data-toggle=\"collapse\" data-parent=\"#wpsm_accordion_443 \" href=\"javascript:void(0)\" data-target=\"#ac_443_collapse5\" onclick=\"do_resize()\">\r\n\t\t\t\t\t\t\t\t\t\t\t\t\t\t\t\t\t<span class=\"ac_open_cl_icon fa fa-plus\"><\/span>\r\n\t\t\t\t\t\t\t\t\t\r\n\t\t\t\t\t\t\t\t \r\n\t\t\t\t\t\t\t\t<span class=\"ac_title_class\">\r\n\t\t\t\t\t\t\t\t\t\t\t\t\t\t\t\t\t\t\t\t<span style=\"margin-right:6px;\" class=\"fa fa-list-alt\"><\/span>\r\n\t\t\t\t\t\t\t\t\tTHE SIGNIFICANCE OF INNOVATION AND MODELLING CREATIVE THINKING IN THE CONTEXT OF DESIGN\t\t\t\t\t\t\t\t<\/span>\r\n\t\t\t\t\t\t\t<\/a>\r\n\t\t\t\t\t\t  <\/h4>\r\n\t\t\t\t\t\t<\/div>\r\n\t\t\t\t\t\t<div id=\"ac_443_collapse5\" class=\"wpsm_panel-collapse collapse \"  >\r\n\t\t\t\t\t\t  <div class=\"wpsm_panel-body\">\r\n\t\t\t\t\t\t\t\n<table id=\"tablepress-19\" class=\"tablepress tablepress-id-19\">\n<thead>\n<tr class=\"row-1\">\n\t<th colspan=\"2\" class=\"column-1\"><strong>Moderator Laura Slavinskait\u0117, Kaunas UAS<\/strong><\/th>\n<\/tr>\n<\/thead>\n<tbody class=\"row-hover\">\n<tr class=\"row-2\">\n\t<td class=\"column-1\">12.30-12.45<\/td><td class=\"column-2\"><strong>Tvarumo estetika kostiumo dizaine<\/strong><br \/>\n<em><span style=\"color: #0c7896;\" <\/span><strong>Dr. K\u0119stutis Lekeckas<\/strong><br \/>\nKauno kolegija<\/em><\/td>\n<\/tr>\n<tr class=\"row-3\">\n\t<td class=\"column-1\">12.45-13.00<\/td><td class=\"column-2\"><strong>Tvari mada. Kur mes \u0161iandien ir kur b\u016bsime rytoj? Tvarios mados k\u016br\u0117jai ir j\u0173 darbai<\/strong><br \/>\n<em><span style=\"color: #0c7896;\" <\/span><strong>Rimant\u0117 Rimgailait\u0117<\/strong><br \/>\nKauno kolegija<\/em><\/td>\n<\/tr>\n<tr class=\"row-4\">\n\t<td class=\"column-1\">13.00-13.15<\/td><td class=\"column-2\"><strong>\u012etraukus komandinio darbo metodas dizaino procese<\/strong><br \/>\n<em><span style=\"color: #0c7896;\" <\/span><strong>Juozas Dundulis<\/strong><br \/>\nKauno kolegija<\/em><\/td>\n<\/tr>\n<tr class=\"row-5\">\n\t<td class=\"column-1\">13.15-13.30<\/td><td class=\"column-2\"><strong>\u201eKauno kodas\u201c: 10 urbanistini\u0173 gairi\u0173 Kauno naujamies\u010diui arba kaip mes \u017eaid\u0117me miest\u0105<\/strong><br \/>\n<em><span style=\"color: #0c7896;\" <\/span><strong>K\u0119stutis Vaik\u0161noras<\/strong><br \/>\nKauno kolegija<\/em><\/td>\n<\/tr>\n<tr class=\"row-6\">\n\t<td class=\"column-1\">13.30-13.45<\/td><td class=\"column-2\"><strong>Dizaino pamokos mokykloje \u2013 nauja patirtis d\u0117stytojui<\/strong><br \/>\n<em><span style=\"color: #0c7896;\" <\/span><strong>Vilma Gydait\u0117<\/strong><br \/>\nKauno kolegija<\/em><\/td>\n<\/tr>\n<tr class=\"row-7\">\n\t<td class=\"column-1\">13.45-14.00<\/td><td class=\"column-2\"><strong>Istorini\u0173 interjer\u0173 virtualios duomen\u0173 baz\u0117s, kaip papildomos student\u0173 edukacin\u0117s priemon\u0117s, panaudojimo perspektyvos<\/strong><br \/>\n<em><span style=\"color: #0c7896;\" <\/span><strong>Dr. Aist\u0117 Di\u010dkalnyt\u0117<\/strong><br \/>\nKauno kolegija<\/em><\/td>\n<\/tr>\n<tr class=\"row-8\">\n\t<td class=\"column-1\">14.00-14.15<\/td><td class=\"column-2\"><strong>Sustainable Interior Design Object Design Features: Methods, Materials and Construction Compounds <\/strong><br \/>\n<em><span style=\"color: #0c7896;\" <\/span><strong>Dr. Inga Valentinien\u0117<\/strong><br \/>\nKauno kolegija<\/em><br \/>\n<a href=\"http:\/\/adle.kaunokolegija.lt\/en\/wp-content\/uploads\/sites\/3\/2021\/12\/Dizainas_8_Valentiniene_EN_adle2021_abstract.pdf\"target=\"_blank\" rel=\"noopener noreferrer\">Abstract<\/a><\/td>\n<\/tr>\n<tr class=\"row-9\">\n\t<td class=\"column-1\">14.15-14.30<\/td><td class=\"column-2\"><strong>The Impact of the Pandemic on Fashion Designer\u2019s Show<\/strong><br \/>\n<em><span style=\"color: #0c7896;\" <\/span><strong>Milda Jankuvien\u0117<\/strong><br \/>\nKauno kolegija<\/em><br \/>\n<a href=\"http:\/\/adle.kaunokolegija.lt\/en\/wp-content\/uploads\/sites\/3\/2021\/12\/Dizainas_Jankuvien\u0117_EN_adle2021_abstract..pdf\"target=\"_blank\" rel=\"noopener noreferrer\">Abstract<\/a><br \/>\n<\/td>\n<\/tr>\n<\/tbody>\n<\/table>\n<!-- #tablepress-19 from cache -->\t\t\t\t\t\t  <\/div>\r\n\t\t\t\t\t\t<\/div>\r\n\t\t\t\t\t<\/div>\r\n\t\t\t\t\t<!-- Inner panel End -->\r\n\t\t\t\t\t\r\n\t\t\t\t\t\t\t<\/div>\r\n\t\t\t\r\n<script type=\"text\/javascript\">\r\n\t\r\n\t\tfunction do_resize(){\r\n\r\n\t\t\tvar width=jQuery( '.wpsm_panel .wpsm_panel-body iframe' ).width();\r\n\t\t\tvar height=jQuery( '.wpsm_panel .wpsm_panel-body iframe' ).height();\r\n\r\n\t\t\tvar toggleSize = true;\r\n\t\t\tjQuery('iframe').animate({\r\n\t\t\t    width: toggleSize ? width : 640,\r\n\t\t\t    height: toggleSize ? height : 360\r\n\t\t\t  }, 250);\r\n\r\n\t\t\t  toggleSize = !toggleSize;\r\n\t\t}\r\n\t\t\r\n<\/script>\t\n","protected":false},"excerpt":{"rendered":"<p>Online International Scientific-Practical Conference ART, DESIGN, LANGUAGES AND EDUCATION: INNOVATIONS IN THEORY AND PRACTICE PROGRAMME [&hellip;]<\/p>\n","protected":false},"author":1,"featured_media":0,"parent":0,"menu_order":0,"comment_status":"closed","ping_status":"closed","template":"","meta":{"footnotes":""},"class_list":["post-546","page","type-page","status-publish","hentry"],"_links":{"self":[{"href":"https:\/\/adle.kaunokolegija.lt\/en\/wp-json\/wp\/v2\/pages\/546","targetHints":{"allow":["GET"]}}],"collection":[{"href":"https:\/\/adle.kaunokolegija.lt\/en\/wp-json\/wp\/v2\/pages"}],"about":[{"href":"https:\/\/adle.kaunokolegija.lt\/en\/wp-json\/wp\/v2\/types\/page"}],"author":[{"embeddable":true,"href":"https:\/\/adle.kaunokolegija.lt\/en\/wp-json\/wp\/v2\/users\/1"}],"replies":[{"embeddable":true,"href":"https:\/\/adle.kaunokolegija.lt\/en\/wp-json\/wp\/v2\/comments?post=546"}],"version-history":[{"count":3,"href":"https:\/\/adle.kaunokolegija.lt\/en\/wp-json\/wp\/v2\/pages\/546\/revisions"}],"predecessor-version":[{"id":558,"href":"https:\/\/adle.kaunokolegija.lt\/en\/wp-json\/wp\/v2\/pages\/546\/revisions\/558"}],"wp:attachment":[{"href":"https:\/\/adle.kaunokolegija.lt\/en\/wp-json\/wp\/v2\/media?parent=546"}],"curies":[{"name":"wp","href":"https:\/\/api.w.org\/{rel}","templated":true}]}}